{"id":32,"date":"2015-05-21T16:52:39","date_gmt":"2015-05-21T14:52:39","guid":{"rendered":"https:\/\/urbinavolant.com\/wordpressytwitter\/?page_id=32"},"modified":"2020-09-21T11:05:24","modified_gmt":"2020-09-21T09:05:24","slug":"inicio","status":"publish","type":"page","link":"https:\/\/urbinavolant.com\/wordpressytwitter\/","title":{"rendered":"Inicio"},"content":{"rendered":"<h2 id=\"page-title\" class=\"page__title title\">Creaci\u00f3n y uso de WordPress y de Twitter. Blogs, p\u00e1ginas web y <em>microblogging<\/em> en el \u00e1mbito educativo<\/h2>\n<p style=\"text-align: center;\"><a href=\"https:\/\/urbinavolant.com\/wordpressytwitter\/wp-content\/uploads\/2015\/06\/twitter-wordpress.png\"><img decoding=\"async\" loading=\"lazy\" class=\"alignnone size-full wp-image-237\" src=\"https:\/\/urbinavolant.com\/wordpressytwitter\/wp-content\/uploads\/2015\/06\/twitter-wordpress.png\" alt=\"twitter-wordpress\" width=\"621\" height=\"295\" srcset=\"https:\/\/urbinavolant.com\/wordpressytwitter\/wp-content\/uploads\/2015\/06\/twitter-wordpress.png 621w, https:\/\/urbinavolant.com\/wordpressytwitter\/wp-content\/uploads\/2015\/06\/twitter-wordpress-300x143.png 300w\" sizes=\"(max-width: 621px) 100vw, 621px\" \/><\/a><\/p>\n<div class=\"clear-both\" style=\"text-align: justify;\"><a href=\"https:\/\/www.uni-g9.net\/plan-de-formacion-del-profesorado--acciones-formativas\" target=\"_blank\" rel=\"noopener noreferrer\">Plan de Formaci\u00f3n del Profesorado<\/a> del <a href=\"https:\/\/www.uni-g9.net\/index\" target=\"_blank\" rel=\"noopener noreferrer\">Grupo G-9 Universidades<\/a>.<\/div>\n<div class=\"clear-both\" style=\"text-align: justify;\"><\/div>\n<article class=\"node-18201 node node-portal-page view-mode-full\">\n<div class=\"node-content\">\n<div class=\"field field-name-field-introduction field-type-text-with-summary field-label-hidden\">\n<div class=\"field-items\">\n<div class=\"field-item even\">\n<p class=\"align-justify\"><strong>Introducci\u00f3n<\/strong><\/p>\n<p>La nueva sociedad digital del Siglo XXI demanda nuevas competencias relacionadas con la comunicaci\u00f3n, en este nuevo escenario, toma especial importancia la identidad digital o reputaci\u00f3n mostrada a trav\u00e9s de la participaci\u00f3n y colaboraci\u00f3n en los nuevos espacios virtuales de comunicaci\u00f3n y difusi\u00f3n. En este sentido, la utilizaci\u00f3n de Blogs, p\u00e1ginas web y microblogging es cada vez m\u00e1s com\u00fan el \u00e1mbito educativo. Por ello, se plantea esta actividad formativa de una forma globalizada, pudiendo ser implementada en cualquier \u00e1rea o \u00e1mbito de conocimiento.<\/p>\n<p class=\"align-justify\" style=\"text-align: justify;\">Formadores<\/p>\n<ul>\n<li class=\"align-justify\" style=\"text-align: justify;\"><strong><a href=\"https:\/\/about.me\/vdelgadobenito\" target=\"_blank\" rel=\"noopener noreferrer\">Vanesa Delgado Benito<\/a><\/strong>. Profesora del \u00e1rea de Did\u00e1ctica y Organizaci\u00f3n Escolar de la Universidad de Burgos. <a href=\"https:\/\/twitter.com\/vdbenito\">@vdbenito<\/a><\/li>\n<li class=\"align-justify\" style=\"text-align: justify;\"><a href=\"http:\/\/urbinavolant.com\/raulurbina\/\" target=\"_blank\" rel=\"noopener noreferrer\"><strong>Ra\u00fal Urbina Fonturbel<\/strong><\/a>. Profesor del \u00e1rea de Lengua Espa\u00f1ola de la Universidad de Burgos. <a href=\"https:\/\/twitter.com\/verbavolant\" target=\"_blank\" rel=\"noopener noreferrer\">@verbavolant<\/a><\/li>\n<\/ul>\n<p><a href=\"https:\/\/www.uni-g9.net\/plan-de-formacion-del-profesorado--acciones-formativas\/538\" target=\"_blank\" rel=\"noopener noreferrer\">Programa del curso<\/a><\/p>\n<\/div>\n<\/div>\n<\/div>\n<\/div>\n<\/article>\n","protected":false},"excerpt":{"rendered":"<p>Creaci\u00f3n y uso de WordPress y de Twitter. Blogs, p\u00e1ginas web y microblogging en el \u00e1mbito educativo Plan de Formaci\u00f3n del Profesorado del Grupo G-9 Universidades. Introducci\u00f3n La nueva sociedad digital del Siglo XXI demanda nuevas competencias relacionadas con la comunicaci\u00f3n, en este nuevo escenario, toma especial importancia la identidad digital o reputaci\u00f3n mostrada a &hellip; <a href=\"https:\/\/urbinavolant.com\/wordpressytwitter\/\" class=\"more-link\">Seguir leyendo <span class=\"screen-reader-text\">Inicio<\/span> <span class=\"meta-nav\">&rarr;<\/span><\/a><\/p>\n","protected":false},"author":1,"featured_media":0,"parent":0,"menu_order":0,"comment_status":"closed","ping_status":"closed","template":"","meta":[],"_links":{"self":[{"href":"https:\/\/urbinavolant.com\/wordpressytwitter\/index.php\/wp-json\/wp\/v2\/pages\/32"}],"collection":[{"href":"https:\/\/urbinavolant.com\/wordpressytwitter\/index.php\/wp-json\/wp\/v2\/pages"}],"about":[{"href":"https:\/\/urbinavolant.com\/wordpressytwitter\/index.php\/wp-json\/wp\/v2\/types\/page"}],"author":[{"embeddable":true,"href":"https:\/\/urbinavolant.com\/wordpressytwitter\/index.php\/wp-json\/wp\/v2\/users\/1"}],"replies":[{"embeddable":true,"href":"https:\/\/urbinavolant.com\/wordpressytwitter\/index.php\/wp-json\/wp\/v2\/comments?post=32"}],"version-history":[{"count":15,"href":"https:\/\/urbinavolant.com\/wordpressytwitter\/index.php\/wp-json\/wp\/v2\/pages\/32\/revisions"}],"predecessor-version":[{"id":507,"href":"https:\/\/urbinavolant.com\/wordpressytwitter\/index.php\/wp-json\/wp\/v2\/pages\/32\/revisions\/507"}],"wp:attachment":[{"href":"https:\/\/urbinavolant.com\/wordpressytwitter\/index.php\/wp-json\/wp\/v2\/media?parent=32"}],"curies":[{"name":"wp","href":"https:\/\/api.w.org\/{rel}","templated":true}]}}