{"id":4,"date":"2015-05-21T19:04:55","date_gmt":"2015-05-21T17:04:55","guid":{"rendered":"http:\/\/urbinavolant.com\/raulurbina\/?page_id=4"},"modified":"2026-08-23T11:25:11","modified_gmt":"2026-08-23T09:25:11","slug":"raul-urbina","status":"publish","type":"page","link":"https:\/\/urbinavolant.com\/raulurbina\/","title":{"rendered":"Inicio"},"content":{"rendered":"<div class=\"wp-block-image is-style-rounded\">\n<figure class=\"alignleft size-large is-resized\"><img loading=\"lazy\" decoding=\"async\" width=\"863\" height=\"955\" src=\"https:\/\/urbinavolant.com\/raulurbina\/wp-content\/uploads\/2020\/09\/Foto-Raul-2020-1.png\" alt=\"\" class=\"wp-image-310\" style=\"width:218px;height:241px\" srcset=\"https:\/\/urbinavolant.com\/raulurbina\/wp-content\/uploads\/2020\/09\/Foto-Raul-2020-1.png 863w, https:\/\/urbinavolant.com\/raulurbina\/wp-content\/uploads\/2020\/09\/Foto-Raul-2020-1-271x300.png 271w, https:\/\/urbinavolant.com\/raulurbina\/wp-content\/uploads\/2020\/09\/Foto-Raul-2020-1-768x850.png 768w\" sizes=\"auto, (max-width: 863px) 100vw, 863px\" \/><\/figure>\n<\/div>\n\n\n<p class=\"wp-block-paragraph\"><\/p>\n\n\n\n<p class=\"wp-block-paragraph\"><\/p>\n\n\n\n<p class=\"wp-block-paragraph\">Bienvenido a mi p\u00e1gina personal, donde puedes encontrar informaci\u00f3n sobre mi actividad acad\u00e9mica, divulgadora e investigadora.<\/p>\n\n\n\n<p class=\"wp-block-paragraph\">Soy profesor del \u00e1rea de Lengua Espa\u00f1ola en el Departamento de Filolog\u00eda de la&nbsp;<strong>Universidad de Burgos<\/strong>. coordino el grupo de investigaci\u00f3n&nbsp;<strong>INFORELE<\/strong>&nbsp;y soy vocal de comunicaci\u00f3n de&nbsp;<strong>ASELE<\/strong>. He sido director del&nbsp;<strong>Centro Internacional del Espa\u00f1ol (CIE\u2011UBU)<\/strong>. Mi actividad combina investigaci\u00f3n, docencia, innovaci\u00f3n educativa, divulgaci\u00f3n y&nbsp;transferencia de conocimiento.<\/p>\n\n\n\n<h3 class=\"wp-block-heading\">Formaci\u00f3n acad\u00e9mica<\/h3>\n\n\n\n<ul class=\"wp-block-list\">\n<li>Doctor en Filosof\u00eda y Letras (Filolog\u00eda) por Universidad Aut\u00f3noma de Madrid, con la tesis&nbsp;<em>Los macroactos literarios de ficci\u00f3n y las relaciones intertextuales diferidas en la constituci\u00f3n de la literatura: a prop\u00f3sito de la literatura medieval<\/em>.<\/li>\n\n\n\n<li>M\u00e1ster universitario en Profesor de Espa\u00f1ol como Segunda Lengua, UNED.<\/li>\n\n\n\n<li>Licenciado en Filolog\u00eda Hisp\u00e1nica, Universidad de Valladolid.<\/li>\n<\/ul>\n\n\n\n<h3 class=\"wp-block-heading\">Estancias e internacionalizaci\u00f3n<\/h3>\n\n\n\n<ul class=\"wp-block-list\">\n<li>Estancia de investigaci\u00f3n en el&nbsp;<strong>Instituto de Ling\u00fc\u00edstica<\/strong>&nbsp;de la Universidad de Buenos Aires (2015)<\/li>\n\n\n\n<li>Estancia en la&nbsp;<strong>Faculty of Medieval &amp; Modern Languages<\/strong>&nbsp;de la&nbsp;<strong>University of Oxford<\/strong>&nbsp;(2022).<\/li>\n\n\n\n<li>Estancia predoctoral en&nbsp;<strong>Par\u00eds<\/strong>.<\/li>\n<\/ul>\n\n\n\n<h3 class=\"wp-block-heading\">L\u00edneas de investigaci\u00f3n<\/h3>\n\n\n\n<ul class=\"wp-block-list\">\n<li>Ret\u00f3rica y&nbsp;<strong>Argumentaci\u00f3n<\/strong>;&nbsp;<strong>Pragm\u00e1tica<\/strong>&nbsp;y&nbsp;<strong>An\u00e1lisis del Discurso<\/strong>&nbsp;aplicados a la&nbsp;<strong>publicidad<\/strong>.<\/li>\n\n\n\n<li>&nbsp;<strong>Multimodalidad<\/strong>&nbsp;y lecturabilidad;&nbsp;<strong>alfabetizaci\u00f3n cr\u00edtica<\/strong>&nbsp;y comprensi\u00f3n lectora en ELE.<\/li>\n\n\n\n<li>Elementos semi\u00f3ticos, comunicativos y pragm\u00e1tico\u2011discursivos en&nbsp;<strong>ficciones audiovisuales<\/strong>&nbsp;y&nbsp;<strong>redes sociales<\/strong>.<\/li>\n\n\n\n<li>Aspectos&nbsp;<strong>normativos y de uso<\/strong>&nbsp;de la lengua espa\u00f1ola.<\/li>\n<\/ul>\n\n\n\n<h3 class=\"wp-block-heading\">Proyectos de investigaci\u00f3n<\/h3>\n\n\n\n<ul class=\"wp-block-list\">\n<li><strong>Pr\u00e1cticas argumentativas y pragm\u00e1tica de las razones (Parg_Praz)<\/strong>, AEI\u2011FEDER, ref.&nbsp;<strong>PGC2018\u2011095941\u2011B\u2011I00<\/strong>&nbsp;(2019\u20132021), ip:&nbsp;<strong>Hubert Marraud<\/strong>.<\/li>\n\n\n\n<li><strong>Translati<\/strong>o: analog\u00eda, equivalencia, polivalencia y transferibilidad como fundamentos ret\u00f3rico\u2011culturales e interdiscursivos del arte de lenguaje, AEI\u2011FEDER, ref.&nbsp;<strong>PGC2018\u2011093852\u2011B\u2011I00<\/strong>&nbsp;(2019\u20132022), ip:&nbsp;<strong>Tom\u00e1s Albaladejo<\/strong>.<\/li>\n\n\n\n<li><strong>Jumelage<\/strong>&nbsp;de formaci\u00f3n docente univ. (Argelia\u2013Castilla y Le\u00f3n) con&nbsp;<strong>FIIAPP<\/strong>.<\/li>\n<\/ul>\n\n\n\n<p class=\"wp-block-paragraph\"><strong>Proyectos anteriores<\/strong>:&nbsp;<em>An\u00e1lisis interdiscursivo<\/em>&nbsp;(2007\u20132010);&nbsp;<strong>RETCULT<\/strong>&nbsp;(FFI2010\u201115160, 2010\u20132013);&nbsp;<strong>METAPHORA<\/strong>(FFI2014\u201153391\u2011P, 2016\u20132018).<\/p>\n\n\n\n<h3 class=\"wp-block-heading\">Innovaci\u00f3n docente<\/h3>\n\n\n\n<p class=\"wp-block-paragraph\">Miembro de los GID de la UBU:&nbsp;<strong>Nuevas estrategias para mejorar la comprensi\u00f3n lectora en estudiantes universitarios<\/strong>&nbsp;y&nbsp;<strong>Experiencias de ense\u00f1anza online (eNOL)<\/strong>.<\/p>\n\n\n\n<h3 class=\"wp-block-heading\">Experiencia y cargos acad\u00e9micos<\/h3>\n\n\n\n<p class=\"wp-block-paragraph\">Soy responsable local de materia de&nbsp;<strong>EBAU<\/strong>\/<strong>PAU<\/strong>&nbsp;en \u00abLengua Castellana y Literatura\u00bb. He coordinado el&nbsp;<strong>M\u00e1ster online de Ense\u00f1anza de Espa\u00f1ol como Lengua Extranjera de la UBU<\/strong>&nbsp;(hasta diciembre de 2020), he dirigido los&nbsp;<strong>Cursos de Extensi\u00f3n Universitaria y Cursos de Verano<\/strong>&nbsp;(2012\u20132018) y he sido&nbsp;<strong>secretario del Departamento de Filolog\u00eda<\/strong>&nbsp;(2014\u20132016).<\/p>\n\n\n\n<p class=\"wp-block-paragraph\">Presid\u00ed el\u00a0<strong>comit\u00e9 organizador del Congreso Internacional de ASELE, Burgos 2023<\/strong>. Tambi\u00e9n el <strong>comit\u00e9 organizador del Congreso Internacional de la AHH, \u00abOrigen y \u00aeevoluciones\u00bb en 2026<\/strong>.<\/p>\n\n\n\n<p class=\"wp-block-paragraph\">He sido coordinador&nbsp;<strong>Erasmus<\/strong>: actual con&nbsp;<strong>University College London<\/strong>,&nbsp;<strong>University of Exeter<\/strong>&nbsp;y&nbsp;<strong>Universit\u00e0 degli Studi del Molise<\/strong>. En la actualidad, coordino el programa con la <strong>Universit\u00e0 Roma Tre<\/strong>.<\/p>\n\n\n\n<h2 class=\"wp-block-heading\">Actividad de transferencia<\/h2>\n\n\n\n<p class=\"wp-block-paragraph\">Imparto cursos de formaci\u00f3n relacionados con la ense\u00f1anza de ELE\/L2 ,las habilidades comunicativas, el uso de la lengua, la publicidad y las nuevas tecnolog\u00edas.<\/p>\n\n\n\n<p class=\"wp-block-paragraph\">Mi actividad de transferencia incluye una amplia experiencia como formador de profesorado de ELE\/L2 y de docentes de secundaria y universidad en numerosos pa\u00edses de Europa y Am\u00e9rica, en colaboraci\u00f3n con instituciones como el Instituto Cervantes, consejer\u00edas de Educaci\u00f3n en el exterior y distintas universidades. Imparto cursos y talleres sobre publicidad y multimodalidad en el aula de ELE, estrategias de lectura y comprensi\u00f3n textual, integraci\u00f3n de contenidos socioculturales, creatividad y trabajo con textos literarios, as\u00ed como sobre habilidades comunicativas y uso de la lengua en contextos acad\u00e9micos y profesionales.<\/p>\n\n\n\n<p class=\"wp-block-paragraph\">Escribo un blog personal, <a href=\"http:\/\/www.urbinavolant.com\/verbavolant\/\" target=\"_blank\" rel=\"noreferrer noopener\" aria-label=\" (opens in a new tab)\">VerbaVolant<\/a> y otro blog en el que reflexiono sobre cuestiones acad\u00e9micas, <a rel=\"noreferrer noopener\" aria-label=\"Escribo un blog personal, VerbaVolant y otro blog en el que reflexiono sobre cuestiones acad\u00e9micas, ScriptaManent. (opens in a new tab)\" href=\"http:\/\/urbinavolant.com\/scripta\/\" target=\"_blank\">ScriptaManent<\/a>.<\/p>\n\n\n\n<p class=\"wp-block-paragraph\">Para m\u00e1s detalles, puedes visitar los apartados de este sitio web.<\/p>\n\n\n\n<p class=\"has-medium-font-size wp-block-paragraph\">Perfiles de investigador<\/p>\n\n\n\n<pre class=\"wp-block-verse\">ORCID: <a rel=\"noreferrer noopener\" aria-label=\"ORCID: 0000-0002-1685-0718.\nResearcherID: K-6358-2014.\nScopus:&nbsp;Scopus Author ID: 55653121800.\nGoogle Acad\u00e9mico.\nAcademia.Edu.\nResearchGate.\n (opens in a new tab)\" href=\"https:\/\/orcid.org\/0000-0002-1685-0718\" target=\"_blank\">0000-0002-1685-0718<\/a>.<br>ResearcherID: <a href=\"http:\/\/www.researcherid.com\/rid\/K-6358-2014\" target=\"_blank\" rel=\"noreferrer noopener\" aria-label=\" (opens in a new tab)\">K-6358-2014<\/a>.<br>Scopus:&nbsp;<a rel=\"noreferrer noopener\" aria-label=\"ORCID: 0000-0002-1685-0718.\nResearcherID: K-6358-2014.\nScopus:&nbsp;Scopus Author ID: 55653121800.\nGoogle Acad\u00e9mico.\nAcademia.Edu.\nResearchGate.\n (opens in a new tab)\" href=\"http:\/\/www.scopus.com\/inward\/authorDetails.url?authorID=55653121800&amp;partnerID=MN8TOARS\" target=\"_blank\">Scopus Author ID: 55653121800.<\/a><br><a rel=\"noreferrer noopener\" aria-label=\"ORCID: 0000-0002-1685-0718.\nResearcherID: K-6358-2014.\nScopus:&nbsp;Scopus Author ID: 55653121800.\nGoogle Acad\u00e9mico.\nAcademia.Edu.\nResearchGate.\n (opens in a new tab)\" href=\"https:\/\/scholar.google.es\/citations?user=kD_3tw0AAAAJ&amp;hl=es\" target=\"_blank\">Google Acad\u00e9mico<\/a>.<br><a rel=\"noreferrer noopener\" aria-label=\"ORCID: 0000-0002-1685-0718.\nResearcherID: K-6358-2014.\nScopus:&nbsp;Scopus Author ID: 55653121800.\nGoogle Acad\u00e9mico.\nAcademia.Edu.\nResearchGate.\n (opens in a new tab)\" href=\"https:\/\/ubu.academia.edu\/Ra\u00falUrbina\" target=\"_blank\">Academia.Edu<\/a>.<br><a rel=\"noreferrer noopener\" aria-label=\"ORCID: 0000-0002-1685-0718.\nResearcherID: K-6358-2014.\nScopus:&nbsp;Scopus Author ID: 55653121800.\nGoogle Acad\u00e9mico.\nAcademia.Edu.\nResearchGate.\n (opens in a new tab)\" href=\"https:\/\/www.researchgate.net\/profile\/Raul_Urbina_Fonturbel\" target=\"_blank\">ResearchGate<\/a>.<br><a href=\"https:\/\/dialnet.unirioja.es\/servlet\/autor?codigo=520874\">Dialnet<\/a>.<\/pre>\n\n\n\n<p class=\"has-medium-font-size wp-block-paragraph\">Direcci\u00f3n y contacto<\/p>\n\n\n\n<p class=\"wp-block-paragraph\">Para ponerte en contacto conmigo, puedes utilizar los datos que figuran m\u00e1s abajo o rellenar el <a href=\"http:\/\/urbinavolant.com\/raulurbina\/index.php\/contacto\/\" target=\"_blank\" rel=\"noreferrer noopener\" aria-label=\"Para ponerte en contacto conmigo, puedes utilizar los datos que figuran m\u00e1s abajo o rellenar el formulario de contacto de esta p\u00e1gina. (opens in a new tab)\">formulario de contacto<\/a> de esta p\u00e1gina.<\/p>\n\n\n\n<pre class=\"wp-block-verse\">Ra\u00fal Urbina Fonturbel<br>\u00c1rea de Lengua Espa\u00f1ola - Departamento de Filolog\u00eda<br>Facultad de Humanidades y Comunicaci\u00f3n<br>Universidad de Burgos<br>Paseo Comendadores, s\/n<br>09001 Burgos<br>Tel\u00e9fono del despacho: 634 27 68 48 o 947 49 10 37<br>Correo electr\u00f3nico: rurbina(@)ubu.es<br>Cuenta personal de Twitter:&nbsp;<a rel=\"noreferrer noopener\" href=\"https:\/\/twitter.com\/verbavolant\" target=\"_blank\">@verbavolant<\/a><br><\/pre>\n\n\n\n<p class=\"wp-block-paragraph\"><br><\/p>\n\n\n\n<p class=\"wp-block-paragraph\">(La fotograf\u00eda que se utiliza como cabecera de esta web es de la <em>Stadtbibliothek<\/em> &nbsp;de Stuttgart y pertenece a <a href=\"https:\/\/flic.kr\/p\/B7Avt6\" target=\"_blank\" rel=\"noreferrer noopener\" aria-label=\"(La fotograf\u00eda que se utiliza como cabecera de esta web es de la Stadtbibliothek &nbsp;de Stuttgart y pertenece a Sandra). (opens in a new tab)\">Sandra<\/a>).<\/p>\n","protected":false},"excerpt":{"rendered":"<p>Bienvenido a mi p\u00e1gina personal, donde puedes encontrar informaci\u00f3n sobre mi actividad acad\u00e9mica, divulgadora e investigadora. Soy profesor del \u00e1rea de Lengua Espa\u00f1ola en el Departamento de Filolog\u00eda de la&nbsp;Universidad de Burgos. coordino el grupo de investigaci\u00f3n&nbsp;INFORELE&nbsp;y soy vocal de comunicaci\u00f3n de&nbsp;ASELE. He sido director del&nbsp;Centro Internacional del Espa\u00f1ol (CIE\u2011UBU). Mi actividad combina investigaci\u00f3n, docencia, [&hellip;]<\/p>\n","protected":false},"author":1,"featured_media":0,"parent":0,"menu_order":0,"comment_status":"open","ping_status":"open","template":"","meta":{"footnotes":""},"class_list":["post-4","page","type-page","status-publish","hentry"],"_links":{"self":[{"href":"https:\/\/urbinavolant.com\/raulurbina\/index.php\/wp-json\/wp\/v2\/pages\/4","targetHints":{"allow":["GET"]}}],"collection":[{"href":"https:\/\/urbinavolant.com\/raulurbina\/index.php\/wp-json\/wp\/v2\/pages"}],"about":[{"href":"https:\/\/urbinavolant.com\/raulurbina\/index.php\/wp-json\/wp\/v2\/types\/page"}],"author":[{"embeddable":true,"href":"https:\/\/urbinavolant.com\/raulurbina\/index.php\/wp-json\/wp\/v2\/users\/1"}],"replies":[{"embeddable":true,"href":"https:\/\/urbinavolant.com\/raulurbina\/index.php\/wp-json\/wp\/v2\/comments?post=4"}],"version-history":[{"count":35,"href":"https:\/\/urbinavolant.com\/raulurbina\/index.php\/wp-json\/wp\/v2\/pages\/4\/revisions"}],"predecessor-version":[{"id":1654,"href":"https:\/\/urbinavolant.com\/raulurbina\/index.php\/wp-json\/wp\/v2\/pages\/4\/revisions\/1654"}],"wp:attachment":[{"href":"https:\/\/urbinavolant.com\/raulurbina\/index.php\/wp-json\/wp\/v2\/media?parent=4"}],"curies":[{"name":"wp","href":"https:\/\/api.w.org\/{rel}","templated":true}]}}