{"id":3603,"date":"2016-02-07T19:15:01","date_gmt":"2016-02-07T18:15:01","guid":{"rendered":"http:\/\/urbinavolant.com\/pragmaubu\/?page_id=3603"},"modified":"2026-02-23T11:58:11","modified_gmt":"2026-02-23T10:58:11","slug":"guion-de-la-asignatura","status":"publish","type":"page","link":"https:\/\/urbinavolant.com\/pragmaubu\/guion-de-la-asignatura\/","title":{"rendered":"Gu\u00eda de \u00abPragm\u00e1tica del espa\u00f1ol\u00bb"},"content":{"rendered":"\n<figure class=\"wp-block-image size-full is-resized\"><img loading=\"lazy\" decoding=\"async\" width=\"910\" height=\"508\" src=\"https:\/\/urbinavolant.com\/pragmaubu\/wp-content\/uploads\/2026\/01\/Pragmatica.png\" alt=\"\" class=\"wp-image-5598\" srcset=\"https:\/\/urbinavolant.com\/pragmaubu\/wp-content\/uploads\/2026\/01\/Pragmatica.png 910w, https:\/\/urbinavolant.com\/pragmaubu\/wp-content\/uploads\/2026\/01\/Pragmatica-300x167.png 300w, https:\/\/urbinavolant.com\/pragmaubu\/wp-content\/uploads\/2026\/01\/Pragmatica-768x429.png 768w\" sizes=\"auto, (max-width: 709px) 85vw, (max-width: 909px) 67vw, (max-width: 1362px) 62vw, 840px\" \/><\/figure>\n\n\n\n<p>Siempre podr\u00e1s utilizar esta p\u00e1gina como peque\u00f1a gu\u00eda de la asignatura. Es una gu\u00eda espec\u00edfica para la asignatura de \u00abPragm\u00e1tica del espa\u00f1ol\u00bb y el punto de partida indispensable para la asignatura \u00abEl componente discursivo y el componente pragm\u00e1tico en la ense\u00f1anza del espa\u00f1ol como lengua extranjera\u00bb.<\/p>\n\n\n\n<h3 class=\"wp-block-heading\"><strong><a href=\"https:\/\/urbinavolant.com\/pragmaubu\/2021\/02\/08\/novedades\/\" target=\"_blank\" rel=\"noreferrer noopener\">Novedades<\/a><\/strong><\/h3>\n\n\n\n<h3 class=\"wp-block-heading\">La Pragm\u00e1tica: elementos para empezar la asignatura<\/h3>\n\n\n\n<ol class=\"wp-block-list\">\n<li><a href=\"https:\/\/urbinavolant.com\/pragmaubu\/2026\/01\/12\/el-lugar-de-la-pragmatica-en-la-linguistica-y-la-ensenanza-de-las-lenguas-2\/\" target=\"_blank\" rel=\"noreferrer noopener\">El lugar de la Pragm\u00e1tica en la Ling\u00fc\u00edstica y la ense\u00f1anza de las lenguas<\/a>.<\/li>\n\n\n\n<li><a href=\"http:\/\/urbinavolant.com\/pragmaubu\/2016\/02\/10\/competencia-linguistica-competencia-pragmatica-y-competencia-comunicativa\/\" target=\"_blank\" rel=\"noopener noreferrer\">Competencia ling\u00fc\u00edstica, competencia pragm\u00e1tica y competencia comunicativa<\/a>.<\/li>\n\n\n\n<li><a href=\"https:\/\/urbinavolant.com\/pragmaubu\/2026\/02\/01\/dos-videos-para-empezar-2026\/\">Dos v\u00eddeos para empezar<\/a>.<\/li>\n\n\n\n<li><a href=\"https:\/\/urbinavolant.com\/pragmaubu\/2026\/02\/01\/enunciados-para-reflexionar-2026\/\" target=\"_blank\" rel=\"noreferrer noopener\">Unos enunciados para reflexionar<\/a>.<\/li>\n\n\n\n<li><a href=\"http:\/\/urbinavolant.com\/pragmaubu\/2011\/05\/02\/la-pragmatica-bibliografia-breve\/\" target=\"_blank\" rel=\"noopener noreferrer\">Bibliograf\u00eda general sobre Pragm\u00e1tica<\/a>.<\/li>\n<\/ol>\n\n\n\n<h3 class=\"wp-block-heading\">Origen y desarrollo hist\u00f3rico de la Pragm\u00e1tica<\/h3>\n\n\n\n<ol class=\"wp-block-list\">\n<li><a href=\"https:\/\/urbinavolant.com\/pragmaubu\/2026\/01\/12\/el-origen-historico-de-la-pragmatica-la-retorica\/\" target=\"_blank\" rel=\"noopener\">El origen hist\u00f3rico de la Pragm\u00e1tica: la Ret\u00f3rica<\/a>.<\/li>\n\n\n\n<li><a href=\"https:\/\/urbinavolant.com\/pragmaubu\/2026\/01\/13\/el-nacimiento-de-la-pragmatica\/\" target=\"_blank\" rel=\"noopener\">El nacimiento de la Pragm\u00e1tica<\/a>.<\/li>\n\n\n\n<li><a href=\"https:\/\/urbinavolant.com\/pragmaubu\/2016\/02\/12\/la-pragmatica-en-la-semiotica-de-morris\/\" target=\"_blank\" rel=\"noopener\">La Pragm\u00e1tica en la Semi\u00f3tica de Charles Morris<\/a>.<\/li>\n\n\n\n<li><a href=\"http:\/\/urbinavolant.com\/pragmaubu\/2016\/02\/12\/evolucion-de-la-pragmatica\/\" target=\"_blank\" rel=\"noopener noreferrer\">Evoluci\u00f3n de la Pragm\u00e1tica<\/a>.<\/li>\n\n\n\n<li><a href=\"https:\/\/urbinavolant.com\/pragmaubu\/2026\/01\/14\/aplicaciones-actuales-de-la-pragmatica\/\" target=\"_blank\" rel=\"noreferrer noopener\">Aplicaciones actuales de la Pragm\u00e1tica<\/a>.<\/li>\n<\/ol>\n\n\n\n<h3 class=\"wp-block-heading\">Fundamentos te\u00f3ricos de la Pragm\u00e1tica<\/h3>\n\n\n\n<ol class=\"wp-block-list\">\n<li><a href=\"http:\/\/urbinavolant.com\/pragmaubu\/2016\/02\/08\/que-es-la-pragmatica\/\" target=\"_blank\" rel=\"noopener noreferrer\">\u00bfQu\u00e9 es la Pragm\u00e1tica?<\/a><\/li>\n\n\n\n<li><a href=\"http:\/\/urbinavolant.com\/pragmaubu\/2016\/02\/12\/la-necesidad-de-la-pragmatica\/\" target=\"_blank\" rel=\"noopener noreferrer\">La necesidad de la Pragm\u00e1tica<\/a>.<\/li>\n\n\n\n<li><a rel=\"noopener noreferrer\" href=\"http:\/\/urbinavolant.com\/pragmaubu\/2016\/02\/12\/por-que-la-pragmatica\/\" target=\"_blank\">\u00bfPor qu\u00e9 la Pragm\u00e1tica?<\/a><\/li>\n\n\n\n<li><a aria-label=\"Hacia un nuevo modelo de la comunicaci\u00f3n humana (opens in a new tab)\" href=\"https:\/\/urbinavolant.com\/pragmaubu\/2020\/02\/14\/hacia-un-nuevo-modelo-de-la-comunicacion-humana\/\" target=\"_blank\" rel=\"noreferrer noopener\">Comprender la comunicaci\u00f3n humana desde la Pragm\u00e1tica: hacia un nuevo modelo de la comunicaci\u00f3n humana<\/a>.<\/li>\n\n\n\n<li><a href=\"https:\/\/urbinavolant.com\/pragmaubu\/2023\/02\/18\/cuestiones-centrales-que-aborda-la-pragmatica\/\" target=\"_blank\" rel=\"noreferrer noopener\">Cuestiones esenciales que aborda la Pragm\u00e1tica<\/a>.<\/li>\n\n\n\n<li><a aria-label=\"La Pragm\u00e1tica, entre lo social y lo cognitivo (opens in a new tab)\" href=\"https:\/\/urbinavolant.com\/pragmaubu\/2020\/02\/14\/la-pragmatica-entre-lo-social-y-lo-cognitivo\/\" target=\"_blank\" rel=\"noreferrer noopener\">La Pragm\u00e1tica, entre lo cognitivo y lo social<\/a>.<\/li>\n\n\n\n<li><a href=\"http:\/\/urbinavolant.com\/pragmaubu\/2018\/01\/10\/la-pragmatica-y-el-contexto\/\">El contexto y los tipos de contexto<\/a>.<\/li>\n<\/ol>\n\n\n\n<h3 class=\"wp-block-heading\">Tema 1. Los valores pragm\u00e1ticos de los enunciados de\u00edcticos e interrogativos<\/h3>\n\n\n\n<ol class=\"wp-block-list\">\n<li><a href=\"http:\/\/urbinavolant.com\/pragmaubu\/2016\/02\/22\/la-deixis\/\" target=\"_blank\" rel=\"noopener noreferrer\">La deixis y la tipolog\u00eda de las expresiones de\u00edcticas<\/a>.<\/li>\n\n\n\n<li><a href=\"http:\/\/urbinavolant.com\/pragmaubu\/2016\/03\/07\/los-enunciados-interrogativos-victoria-escandell\/\" target=\"_blank\" rel=\"noopener noreferrer\">Los enunciados pragm\u00e1ticos desde una perspectiva pragm\u00e1tica<\/a>.<\/li>\n<\/ol>\n\n\n\n<h3 class=\"wp-block-heading\">Tema 2. Enunciados constativos&nbsp;y performativos<\/h3>\n\n\n\n<ol class=\"wp-block-list\">\n<li><a href=\"http:\/\/urbinavolant.com\/pragmaubu\/2016\/03\/13\/la-filosofia-del-lenguaje-en-el-siglo-xx\/\" target=\"_blank\" rel=\"noopener noreferrer\">La filosof\u00eda del lenguaje en el siglo XX<\/a>.<\/li>\n\n\n\n<li><a href=\"http:\/\/urbinavolant.com\/pragmaubu\/2016\/03\/13\/john-l-austin\/\" target=\"_blank\" rel=\"noopener noreferrer\">John L. Austin<\/a>.<\/li>\n\n\n\n<li><a href=\"http:\/\/urbinavolant.com\/pragmaubu\/2016\/03\/13\/la-falacia-descriptiva-contra-el-verificacionismo\/\" target=\"_blank\" rel=\"noopener noreferrer\">La falacia descriptiva (contra el verificacionismo)<\/a>.<\/li>\n\n\n\n<li><a href=\"http:\/\/urbinavolant.com\/pragmaubu\/2016\/03\/13\/enunciados-constativos-y-enunciados-performativos\/\" target=\"_blank\" rel=\"noopener noreferrer\">Enunciados constativos y enunciados performativos<\/a>.<\/li>\n\n\n\n<li><a href=\"http:\/\/urbinavolant.com\/pragmaubu\/2016\/03\/13\/condiciones-de-enunciacion-de-las-expresiones-performativas\/\" target=\"_blank\" rel=\"noopener noreferrer\">Condiciones de enunciaci\u00f3n de las expresiones performativas<\/a>.<\/li>\n\n\n\n<li><a href=\"http:\/\/urbinavolant.com\/pragmaubu\/2016\/03\/13\/clasificacion-de-los-enunciados-performativos\/\" target=\"_blank\" rel=\"noopener noreferrer\">Clasificaci\u00f3n de los enunciados performativos<\/a>.<\/li>\n<\/ol>\n\n\n\n<h3 class=\"wp-block-heading\">Tema 3. La teor\u00eda de los actos de habla<\/h3>\n\n\n\n<ol class=\"wp-block-list\">\n<li><a href=\"http:\/\/urbinavolant.com\/pragmaubu\/2016\/03\/28\/la-importancia-de-los-actos-de-habla\/\" target=\"_blank\" rel=\"noopener noreferrer\">La importancia de los actos de habla<\/a>.<\/li>\n\n\n\n<li><a href=\"http:\/\/urbinavolant.com\/pragmaubu\/2016\/03\/28\/austin-y-searle\/\" target=\"_blank\" rel=\"noopener noreferrer\">Austin y Searle<\/a>.<\/li>\n\n\n\n<li><a href=\"http:\/\/urbinavolant.com\/pragmaubu\/2016\/03\/28\/la-tipologia-de-austin\/\" target=\"_blank\" rel=\"noopener noreferrer\">La tipolog\u00eda de Austin<\/a>.<\/li>\n\n\n\n<li><a href=\"http:\/\/urbinavolant.com\/pragmaubu\/2016\/03\/28\/acto-de-habla-locutivo\/\" target=\"_blank\" rel=\"noopener noreferrer\">Acto de habla locutivo<\/a>.<\/li>\n\n\n\n<li><a href=\"http:\/\/urbinavolant.com\/pragmaubu\/2016\/03\/28\/acto-de-habla-ilocutivo\/\" target=\"_blank\" rel=\"noopener noreferrer\">Acto de habla ilocutivo<\/a>.<\/li>\n\n\n\n<li><a href=\"http:\/\/urbinavolant.com\/pragmaubu\/2016\/03\/28\/acto-de-habla-perlocutivo\/\" target=\"_blank\" rel=\"noopener noreferrer\">Acto de habla perlocutivo<\/a>.<\/li>\n\n\n\n<li><a href=\"http:\/\/urbinavolant.com\/pragmaubu\/2017\/03\/01\/las-clases-de-actos-ilocutivos-segun-searle\/\">Las clases de actos de habla ilocutivos seg\u00fan Searle<\/a>.<\/li>\n\n\n\n<li><a href=\"http:\/\/urbinavolant.com\/pragmaubu\/2016\/03\/28\/los-actos-de-habla-indirectos\/\" target=\"_blank\" rel=\"noopener noreferrer\">Los actos de habla indirectos<\/a>.<\/li>\n\n\n\n<li><a href=\"http:\/\/urbinavolant.com\/pragmaubu\/2016\/03\/28\/valor-linguistico-y-valor-pragmatico\/\" target=\"_blank\" rel=\"noopener noreferrer\">Valor ling\u00fc\u00edstico y valor pragm\u00e1tico<\/a>.<\/li>\n\n\n\n<li><a href=\"http:\/\/urbinavolant.com\/pragmaubu\/2018\/03\/15\/objeciones-a-la-teoria-de-los-actos-de-habla\/\">Objeciones a la teor\u00eda de los actos de habla<\/a>.<\/li>\n\n\n\n<li><a href=\"http:\/\/urbinavolant.com\/pragmaubu\/2018\/03\/15\/el-macroacto-de-habla\/\">El macroacto de habla<\/a>.<\/li>\n\n\n\n<li><a href=\"http:\/\/urbinavolant.com\/pragmaubu\/2018\/03\/15\/cuestiones-complementarias-y-ejemplos-para-ver-en-clase\/\">Algunas cuestiones complementarias para ver en clase<\/a> (solo usuarios registrados).<\/li>\n<\/ol>\n\n\n\n<h3 class=\"wp-block-heading\">Tema 4. Principio de cooperaci\u00f3n, presuposiciones e implicaturas (Grice)<\/h3>\n\n\n\n<ol class=\"wp-block-list\">\n<li><a rel=\"noopener noreferrer\" href=\"http:\/\/urbinavolant.com\/pragmaubu\/2016\/03\/29\/lo-que-decimos-y-lo-que-comunicamos\/\" target=\"_blank\">Lo que decimos y lo que comunicamos<\/a>.<\/li>\n\n\n\n<li><a rel=\"noopener noreferrer\" href=\"http:\/\/urbinavolant.com\/pragmaubu\/2016\/04\/10\/la-diferencia-entre-frase-y-enunciado\/\" target=\"_blank\">La diferencia entre frase y enunciado<\/a>.<\/li>\n\n\n\n<li><a rel=\"noopener noreferrer\" href=\"http:\/\/urbinavolant.com\/pragmaubu\/2016\/04\/06\/el-proceso-de-comunicacion-inferencial\/\" target=\"_blank\">El proceso de comunicaci\u00f3n inferencial<\/a>.<\/li>\n\n\n\n<li><a rel=\"noopener noreferrer\" href=\"http:\/\/urbinavolant.com\/pragmaubu\/2016\/04\/06\/la-confianza-en-el-interlocutor-el-principio-de-cooperacion\/\" target=\"_blank\">La confianza en el interlocutor: el principio de cooperaci\u00f3n<\/a>.<\/li>\n\n\n\n<li><a rel=\"noopener noreferrer\" href=\"http:\/\/urbinavolant.com\/pragmaubu\/2016\/04\/06\/el-principio-de-cooperacion\/\" target=\"_blank\">El principio de cooperaci\u00f3n<\/a>.<\/li>\n\n\n\n<li><a rel=\"noopener noreferrer\" href=\"http:\/\/urbinavolant.com\/pragmaubu\/2016\/04\/06\/maximas-y-submaximas-del-principio-de-cooperacion\/\" target=\"_blank\">M\u00e1ximas (y subm\u00e1ximas) del principio de cooperaci\u00f3n<\/a>.<\/li>\n\n\n\n<li><a href=\"https:\/\/urbinavolant.com\/pragmaubu\/2018\/01\/14\/violaciones-de-las-maximas-del-principio-de-cooperacion\/\" target=\"_blank\" rel=\"noreferrer noopener\">Jugando con los m\u00e1ximas o violando las m\u00e1ximas del principio de cooperaci\u00f3n<\/a>.<\/li>\n\n\n\n<li><a rel=\"noopener noreferrer\" href=\"http:\/\/urbinavolant.com\/pragmaubu\/2016\/04\/06\/las-implicaturas\/\" target=\"_blank\">Las implicaturas<\/a>.<\/li>\n\n\n\n<li><a rel=\"noopener noreferrer\" href=\"http:\/\/urbinavolant.com\/pragmaubu\/2016\/04\/10\/tipos-de-implicaturas\/\" target=\"_blank\">Tipos de implicaturas<\/a>.<\/li>\n\n\n\n<li><a href=\"https:\/\/urbinavolant.com\/pragmaubu\/2019\/04\/08\/presuposiciones\/\">Presuposiciones<\/a>.<\/li>\n\n\n\n<li><a rel=\"noreferrer noopener\" aria-label=\" (opens in a new tab)\" href=\"https:\/\/urbinavolant.com\/pragmaubu\/2016\/04\/10\/implicaturas-convencionales-y-presuposiciones\/\" target=\"_blank\">Implicaturas convencionales<\/a>.<\/li>\n\n\n\n<li><a href=\"http:\/\/urbinavolant.com\/pragmaubu\/2018\/01\/17\/implicaturas-conversacionales\/\">Las implicaturas conversacionales<\/a>.<\/li>\n\n\n\n<li><a rel=\"noreferrer noopener\" href=\"http:\/\/urbinavolant.com\/pragmaubu\/2016\/04\/10\/implicaturas-conversacionales-generalizadas\/\" target=\"_blank\">Implicaturas conversacionales generalizadas<\/a>.<\/li>\n\n\n\n<li><a rel=\"noopener noreferrer\" href=\"http:\/\/urbinavolant.com\/pragmaubu\/2016\/04\/10\/implicaturas-conversacionales-particularizadas\/\" target=\"_blank\">Implicaturas conversacionales particularizadas<\/a>.<\/li>\n\n\n\n<li><a rel=\"noopener noreferrer\" href=\"http:\/\/urbinavolant.com\/pragmaubu\/2016\/04\/10\/el-lenguaje-natural-es-impreciso\/\" target=\"_blank\">\u00bfEl lenguaje natural es impreciso?<\/a><\/li>\n\n\n\n<li><a rel=\"noopener noreferrer\" href=\"http:\/\/urbinavolant.com\/pragmaubu\/2016\/04\/10\/ejercicios-para-trabajar-las-teorias-de-grice\/\" target=\"_blank\">Ejercicios para trabajar las teor\u00edas de Grice<\/a>.<\/li>\n\n\n\n<li><a href=\"http:\/\/urbinavolant.com\/pragmaubu\/2018\/01\/14\/objeciones-al-principio-de-cooperacion\/\">Objeciones al principio de cooperaci\u00f3n<\/a>.<\/li>\n\n\n\n<li><a href=\"https:\/\/urbinavolant.com\/pragmaubu\/2024\/03\/28\/compendio-para-explicar-las-presuposiciones-y-las-implicaturas\/\" target=\"_blank\" rel=\"noreferrer noopener\">Compendio para explicar las presuposiciones y los distintos tipos de implicaturas<\/a>.<\/li>\n<\/ol>\n\n\n\n<h3 class=\"wp-block-heading\">Tema 5. La teor\u00eda de la relevancia (o pertinencia) de Sperber y Wilson<\/h3>\n\n\n\n<ol class=\"wp-block-list\">\n<li><a href=\"http:\/\/urbinavolant.com\/pragmaubu\/2016\/04\/20\/introduccion-a-la-teoria-de-la-relevancia\/\">Introducci\u00f3n a la teor\u00eda de la relevancia<\/a>.<\/li>\n\n\n\n<li><a href=\"http:\/\/urbinavolant.com\/pragmaubu\/2016\/04\/20\/la-garantia-de-relevancia-y-los-efectos-contextuales\/\">La garant\u00eda de relevancia y los efectos contextuales<\/a>.<\/li>\n\n\n\n<li><a href=\"http:\/\/urbinavolant.com\/pragmaubu\/2016\/04\/20\/como-se-mide-el-grado-de-relevancia\/\">\u00bfC\u00f3mo se mide el grado de relevancia?<\/a><\/li>\n\n\n\n<li><a href=\"http:\/\/urbinavolant.com\/pragmaubu\/2016\/04\/28\/la-importancia-de-la-inferencia\/\">La importancia de la inferencia<\/a>.<\/li>\n\n\n\n<li><a href=\"http:\/\/urbinavolant.com\/pragmaubu\/2016\/04\/28\/el-papel-del-emisor-y-del-receptor-en-la-teoria-de-la-relevancia\/\">El papel del emisor y del receptor en la teor\u00eda de la relevancia<\/a>.<\/li>\n\n\n\n<li><a href=\"http:\/\/urbinavolant.com\/pragmaubu\/2016\/04\/28\/la-explicatura\/\">La explicatura<\/a>.<\/li>\n\n\n\n<li><a href=\"http:\/\/urbinavolant.com\/pragmaubu\/2018\/01\/15\/limitaciones-de-la-teoria-de-la-relevancia\/\">Limitaciones de la teor\u00eda de la relevancia<\/a>.<\/li>\n<\/ol>\n\n\n\n<p><span style=\"font-size: 23px; font-weight: 900;\">Tema 6. La teor\u00eda de la (des)cortes\u00eda<\/span><\/p>\n\n\n\n<ol class=\"wp-block-list\">\n<li><a href=\"http:\/\/urbinavolant.com\/pragmaubu\/2016\/05\/12\/la-descortesia-comunicativa\/\">La (des)cortes\u00eda comunicativa<\/a>.<\/li>\n\n\n\n<li><a href=\"http:\/\/urbinavolant.com\/pragmaubu\/2018\/01\/15\/cortesia-actos-de-habla-indirectos-y-ruptura-de-las-maximas\/\">Cortes\u00eda, actos de habla indirectos y ruptura de las m\u00e1ximas<\/a>.<\/li>\n\n\n\n<li><a href=\"http:\/\/urbinavolant.com\/pragmaubu\/2018\/01\/15\/la-cortesia-negativa\/\">Las estrategias de cortes\u00eda negativa<\/a>.<\/li>\n\n\n\n<li><a href=\"http:\/\/urbinavolant.com\/pragmaubu\/2018\/01\/15\/las-estrategias-de-cortesia-positiva\/\">Las estrategias de cortes\u00eda positiva<\/a>.<\/li>\n\n\n\n<li><a href=\"http:\/\/urbinavolant.com\/pragmaubu\/2018\/01\/16\/violacion-de-maximas-y-cortesia-comunicativa\/\">Violaci\u00f3n de m\u00e1ximas y cortes\u00eda comunicativa<\/a>.<\/li>\n\n\n\n<li><a href=\"http:\/\/urbinavolant.com\/pragmaubu\/2016\/05\/13\/principios-teoricos-de-la-cortesia-lakoff\/\">Principios te\u00f3ricos de la cortes\u00eda. Lakoff<\/a><\/li>\n\n\n\n<li><a href=\"http:\/\/urbinavolant.com\/pragmaubu\/2016\/05\/13\/principios-teoricos-de-la-cortesia-leech\/\">Principios te\u00f3ricos de la cortes\u00eda. Leech<\/a><\/li>\n\n\n\n<li><a href=\"http:\/\/urbinavolant.com\/pragmaubu\/2016\/05\/13\/principios-teoricos-de-la-cortesia-brown-y-levinson\/\">Principios te\u00f3ricos de la cortes\u00eda. Brown y Levinson<\/a><\/li>\n\n\n\n<li><a href=\"http:\/\/urbinavolant.com\/pragmaubu\/2016\/05\/13\/los-actos-comunicativos-corteses-y-descorteses\/\">Los actos comunicativos corteses y descorteses<\/a><\/li>\n\n\n\n<li><a href=\"http:\/\/urbinavolant.com\/pragmaubu\/?p=3967&amp;preview=true\">Medios ling\u00fc\u00edsticos para expresar la cortes\u00eda<\/a><\/li>\n\n\n\n<li><a href=\"http:\/\/urbinavolant.com\/pragmaubu\/2016\/05\/24\/estrategias-de-cortesia\/\">Estrategias de cortes\u00eda<\/a><\/li>\n<\/ol>\n\n\n\n<h3 class=\"wp-block-heading\">Tema 7. La argumentaci\u00f3n<\/h3>\n\n\n\n<ol class=\"wp-block-list\">\n<li><a href=\"http:\/\/urbinavolant.com\/pragmaubu\/2018\/02\/21\/introduccion-a-la-argumentacion\/\">Introducci\u00f3n a la argumentaci\u00f3n<\/a>.<\/li>\n\n\n\n<li><a href=\"http:\/\/urbinavolant.com\/pragmaubu\/2018\/02\/21\/la-diferencia-entre-persuadir-y-convencer\/\">La diferencia entre persuadir y convencer<\/a>.<\/li>\n\n\n\n<li>Los marcadores del discurso con car\u00e1cter argumentativo.<\/li>\n\n\n\n<li><\/li>\n<\/ol>\n\n\n\n<h3 class=\"wp-block-heading\">Trabajando la Pragm\u00e1tica como LE<\/h3>\n\n\n\n<ol class=\"wp-block-list\">\n<li><a href=\"https:\/\/urbinavolant.com\/pragmaubu\/2020\/03\/19\/breve-guia-de-recursos-para-la-ensenanza-de-la-pragmatica-como-le\/\" target=\"_blank\" rel=\"noreferrer noopener\" aria-label=\"Breve gu\u00eda de recursos para la ense\u00f1anza de la Pragm\u00e1tica como LE (opens in a new tab)\">Breve gu\u00eda de recursos para la ense\u00f1anza de la Pragm\u00e1tica como LE<\/a>.<\/li>\n<\/ol>\n\n\n\n<h3 class=\"wp-block-heading\">An\u00e1lisis del discurso para el m\u00e1ster MELE<\/h3>\n\n\n\n<ol class=\"wp-block-list\">\n<li><a href=\"https:\/\/urbinavolant.com\/pragmaubu\/2020\/01\/24\/la-funcion-informativa\/\" target=\"_blank\" rel=\"noreferrer noopener\" aria-label=\"La funci\u00f3n informativa (opens in a new tab)\">La funci\u00f3n informativa<\/a>.<\/li>\n\n\n\n<li>Tema y rema.<\/li>\n\n\n\n<li>Focalizaci\u00f3n. Foco o relieve.<\/li>\n\n\n\n<li>Marcadores del discurso.<\/li>\n<\/ol>\n\n\n\n<h3 class=\"wp-block-heading\">Actividades para el MELE<\/h3>\n\n\n\n<ol class=\"wp-block-list\">\n<li><a href=\"https:\/\/urbinavolant.com\/pragmaubu\/2020\/02\/01\/actividades-introductorias-para-mele\/\" target=\"_blank\" rel=\"noreferrer noopener\" aria-label=\"Actividad introductoria (opens in a new tab)\">Actividad introductoria<\/a>.<\/li>\n<\/ol>\n\n\n\n<h3 class=\"wp-block-heading\">Algunos fragmentos de textos literarios<\/h3>\n\n\n\n<ol class=\"wp-block-list\">\n<li><a href=\"https:\/\/urbinavolant.com\/pragmaubu\/2019\/04\/01\/fragmento-de-julio-cesar-de-shakespeare\/\"><em>Julio C\u00e9sar<\/em>, de Shakespeare<\/a>.<\/li>\n\n\n\n<li><em><a href=\"https:\/\/urbinavolant.com\/pragmaubu\/2019\/04\/01\/fragmento-de-el-avaro-de-moliere\/\">El avaro<\/a><\/em><a href=\"https:\/\/urbinavolant.com\/pragmaubu\/2019\/04\/01\/fragmento-de-el-avaro-de-moliere\/\">, de Moli\u00e8re<\/a>.<\/li>\n\n\n\n<li><em><a href=\"https:\/\/urbinavolant.com\/pragmaubu\/2019\/04\/01\/fragmento-de-rayuela-de-cortazar\/\">Rayuela<\/a><\/em><a href=\"https:\/\/urbinavolant.com\/pragmaubu\/2019\/04\/01\/fragmento-de-rayuela-de-cortazar\/\">, de Julio Cort\u00e1zar<\/a>.<\/li>\n<\/ol>\n","protected":false},"excerpt":{"rendered":"<p>Siempre podr\u00e1s utilizar esta p\u00e1gina como peque\u00f1a gu\u00eda de la asignatura. Es una gu\u00eda espec\u00edfica para la asignatura de \u00abPragm\u00e1tica del espa\u00f1ol\u00bb y el punto de partida indispensable para la asignatura \u00abEl componente discursivo y el componente pragm\u00e1tico en la ense\u00f1anza del espa\u00f1ol como lengua extranjera\u00bb. Novedades La Pragm\u00e1tica: elementos para empezar la asignatura Origen &hellip; <a href=\"https:\/\/urbinavolant.com\/pragmaubu\/guion-de-la-asignatura\/\" class=\"more-link\">Continuar leyendo<span class=\"screen-reader-text\"> \u00abGu\u00eda de \u00abPragm\u00e1tica del espa\u00f1ol\u00bb\u00bb<\/span><\/a><\/p>\n","protected":false},"author":1,"featured_media":0,"parent":0,"menu_order":0,"comment_status":"closed","ping_status":"closed","template":"","meta":{"jetpack_post_was_ever_published":false,"footnotes":""},"class_list":["post-3603","page","type-page","status-publish","hentry"],"jetpack_sharing_enabled":true,"jetpack_shortlink":"https:\/\/wp.me\/P7dpbU-W7","_links":{"self":[{"href":"https:\/\/urbinavolant.com\/pragmaubu\/wp-json\/wp\/v2\/pages\/3603","targetHints":{"allow":["GET"]}}],"collection":[{"href":"https:\/\/urbinavolant.com\/pragmaubu\/wp-json\/wp\/v2\/pages"}],"about":[{"href":"https:\/\/urbinavolant.com\/pragmaubu\/wp-json\/wp\/v2\/types\/page"}],"author":[{"embeddable":true,"href":"https:\/\/urbinavolant.com\/pragmaubu\/wp-json\/wp\/v2\/users\/1"}],"replies":[{"embeddable":true,"href":"https:\/\/urbinavolant.com\/pragmaubu\/wp-json\/wp\/v2\/comments?post=3603"}],"version-history":[{"count":128,"href":"https:\/\/urbinavolant.com\/pragmaubu\/wp-json\/wp\/v2\/pages\/3603\/revisions"}],"predecessor-version":[{"id":5820,"href":"https:\/\/urbinavolant.com\/pragmaubu\/wp-json\/wp\/v2\/pages\/3603\/revisions\/5820"}],"wp:attachment":[{"href":"https:\/\/urbinavolant.com\/pragmaubu\/wp-json\/wp\/v2\/media?parent=3603"}],"curies":[{"name":"wp","href":"https:\/\/api.w.org\/{rel}","templated":true}]}}