{"version":"1.0","provider_name":"Experiencias de lectura po\u00e9tica","provider_url":"https:\/\/urbinavolant.com\/lecturapoetica","author_name":"admin","author_url":"https:\/\/urbinavolant.com\/lecturapoetica\/index.php\/author\/rauf\/","title":"Sesi\u00f3n 3 - Experiencias de lectura po\u00e9tica","type":"rich","width":600,"height":338,"html":"<blockquote class=\"wp-embedded-content\" data-secret=\"qQFVKFYSet\"><a href=\"https:\/\/urbinavolant.com\/lecturapoetica\/index.php\/2026\/01\/31\/sesion-3\/\">Sesi\u00f3n 3<\/a><\/blockquote><iframe sandbox=\"allow-scripts\" security=\"restricted\" src=\"https:\/\/urbinavolant.com\/lecturapoetica\/index.php\/2026\/01\/31\/sesion-3\/embed\/#?secret=qQFVKFYSet\" width=\"600\" height=\"338\" title=\"\u00abSesi\u00f3n 3\u00bb \u2014 Experiencias de lectura po\u00e9tica\" data-secret=\"qQFVKFYSet\" frameborder=\"0\" marginwidth=\"0\" marginheight=\"0\" scrolling=\"no\" class=\"wp-embedded-content\"><\/iframe><script type=\"text\/javascript\">\n\/* <![CDATA[ *\/\n\/*! This file is auto-generated *\/\n!function(d,l){\"use strict\";l.querySelector&&d.addEventListener&&\"undefined\"!=typeof URL&&(d.wp=d.wp||{},d.wp.receiveEmbedMessage||(d.wp.receiveEmbedMessage=function(e){var t=e.data;if((t||t.secret||t.message||t.value)&&!\/[^a-zA-Z0-9]\/.test(t.secret)){for(var s,r,n,a=l.querySelectorAll('iframe[data-secret=\"'+t.secret+'\"]'),o=l.querySelectorAll('blockquote[data-secret=\"'+t.secret+'\"]'),c=new RegExp(\"^https?:$\",\"i\"),i=0;i<o.length;i++)o[i].style.display=\"none\";for(i=0;i<a.length;i++)s=a[i],e.source===s.contentWindow&&(s.removeAttribute(\"style\"),\"height\"===t.message?(1e3<(r=parseInt(t.value,10))?r=1e3:~~r<200&&(r=200),s.height=r):\"link\"===t.message&&(r=new URL(s.getAttribute(\"src\")),n=new URL(t.value),c.test(n.protocol))&&n.host===r.host&&l.activeElement===s&&(d.top.location.href=t.value))}},d.addEventListener(\"message\",d.wp.receiveEmbedMessage,!1),l.addEventListener(\"DOMContentLoaded\",function(){for(var e,t,s=l.querySelectorAll(\"iframe.wp-embedded-content\"),r=0;r<s.length;r++)(t=(e=s[r]).getAttribute(\"data-secret\"))||(t=Math.random().toString(36).substring(2,12),e.src+=\"#?secret=\"+t,e.setAttribute(\"data-secret\",t)),e.contentWindow.postMessage({message:\"ready\",secret:t},\"*\")},!1)))}(window,document);\n\/\/# sourceURL=https:\/\/urbinavolant.com\/lecturapoetica\/wp-includes\/js\/wp-embed.min.js\n\/* ]]> *\/\n<\/script>\n","description":"Texto 1 PATRIA (Juan Bonilla) Estos d\u00edas azules y este sol de la infancia\u2014lo comprender\u00e1s tarde\u2014 son tu \u00fanica patria. Estuvieron ya antes de que te calentarany seguir\u00e1n estando cuando te vayas. Ni banderas ni himnos ni proclamasde una mente forjada en preguntas cansadas. Un coraz\u00f3n latiendo y una miradaa la que el mundo dota [&hellip;]","thumbnail_url":"https:\/\/urbinavolant.com\/lecturapoetica\/wp-content\/uploads\/2026\/01\/71wxHir7RSL._UF10001000_QL80_.jpg","thumbnail_width":634,"thumbnail_height":1000}